{"id":15656,"date":"2016-04-20T11:05:15","date_gmt":"2016-04-20T09:05:15","guid":{"rendered":"http:\/\/jeanpierre-orban.com\/wp\/?post_type=tribe_events&#038;p=15656"},"modified":"2017-08-11T16:08:50","modified_gmt":"2017-08-11T14:08:50","slug":"andre-schwartz-bart-et-yambo-ouologuem-bruxelles","status":"publish","type":"tribe_events","link":"https:\/\/jeanpierre-orban.com\/wp\/event\/andre-schwartz-bart-et-yambo-ouologuem-bruxelles\/","title":{"rendered":"Andr\u00e9 Schwarz-Bart et Yambo Ouologuem | Bruxelles"},"content":{"rendered":"<p>\u00ab\u00a0Andr\u00e9 Schwarz-Bart et Yambo Ouologuem, itin\u00e9raires crois\u00e9s\u00a0\u00bb<\/p>\n<p>Expos\u00e9 avec lectures de Fr\u00e9d\u00e9ric Dussenne<\/p>\n<p>Je ne suis pas juif ni noir. Personne n\u2019est parfait. Mais je suis lecteur. Et j\u2019aime les transgressions de fronti\u00e8res, ces travers\u00e9es qui font se croiser les \u00eatres et les mots. Les itin\u00e9raires juif et afro-antillais du Fran\u00e7ais Andr\u00e9 Schwarz-Bart et du Malien Yambo Ouologuem offrent ces croisements qui concentrent \u00e0 la fois tensions et engendrements. N\u00e9 \u00e0 Metz en 1928, Schwarz-Bart conna\u00eet la Shoah autour de lui. N\u00e9 \u00e0 Bandiagara en 1940, Ouologuem vit la colonisation et l\u2019h\u00e9ritage de l\u2019esclavage. Le premier \u00e9crit <em>Le Dernier des Justes, <\/em>histoire des L\u00e9vy du 12<sup>e<\/sup> au 20<sup>e<\/sup> si\u00e8cle, et remporte le prix Goncourt en 1959 pour ce premier roman. Le deuxi\u00e8me publie <em>Le Devoir de violence<\/em>, et obtiendra le Renaudot 1968 avec cette premi\u00e8re \u0153uvre, fresque de l\u2019empire du Nakem du 13<sup>e<\/sup> au 20<sup>e<\/sup> si\u00e8cle, miroir du roman de Schwarz-Bart et reflet bris\u00e9 de multiples autres \u00e9crits. Tous deux sont accus\u00e9s de plagiat. Chacun a maille \u00e0 partie avec sa communaut\u00e9. Et apr\u00e8s des d\u00e9buts fulgurants, l\u2019un et l\u2019autre s\u2019exileront et se cloitreront dans le silence. Ouologuem se retirera au Mali. Apr\u00e8s le S\u00e9n\u00e9gal, Schwarz-Bart vivra en Guadeloupe avec Simone Brumant, et se consacrera \u00e0 l\u2019histoire carib\u00e9enne\u00a0: \u00ab\u00a0Esclavage et Shoah sont deux trag\u00e9dies qui ne s\u2019excluent pas\u00a0\u00bb, dira-t-il. Sa l\u00e9gitimit\u00e9 sera cependant contest\u00e9e par les Antillais et il ne publiera plus. Un reproche fait, sym\u00e9triquement, \u00e0 Ouologuem\u00a0: on lui aura toujours refus\u00e9 le statut d\u2019\u00e9crivain \u00ab\u00a0fran\u00e7ais\u00a0\u00bb qu\u2019il a tant cherch\u00e9, notamment dans ce geste provocateur des <em>Mille et une Bibles du sexe<\/em> (Vents d\u2019ailleurs, 2016) o\u00f9, dans un r\u00e9cit au c\u0153ur de la France, il d\u00e9tourne tous les codes de la litt\u00e9rature \u00e9rotique europ\u00e9enne.<\/p>\n<p>Avec Fr\u00e9d\u00e9ric Dussenne comme lecteur, nous \u00e9couterons les multiples \u00e9chos d\u2019une \u0153uvre et d\u2019une vie \u00e0 l\u2019autre. Pour tenter de d\u00e9couvrir ce que ces travers\u00e9es parfois p\u00e9rilleuses de lignes nous disent aujourd\u2019hui, en un temps o\u00f9 se concurrencent les martyres et que de toutes parts, s\u2019\u00e9l\u00e8vent murs et fronti\u00e8res.<\/p>\n<p>Jean-Pierre Orban<\/p>\n<p><a href=\"http:\/\/jeanpierre-orban.com\/wp\/wp-content\/uploads\/2016\/04\/SB-YO-QuartiersLatins-pr\u00e9sent.png\"><img loading=\"lazy\" decoding=\"async\" class=\"alignnone size-medium wp-image-16006\" src=\"http:\/\/jeanpierre-orban.com\/wp\/wp-content\/uploads\/2016\/04\/SB-YO-QuartiersLatins-pr\u00e9sent-300x296.png\" alt=\"SB-YO-QuartiersLatins-pr\u00e9sent\" width=\"300\" height=\"296\" srcset=\"https:\/\/jeanpierre-orban.com\/wp\/wp-content\/uploads\/2016\/04\/SB-YO-QuartiersLatins-pr\u00e9sent-300x296.png 300w, https:\/\/jeanpierre-orban.com\/wp\/wp-content\/uploads\/2016\/04\/SB-YO-QuartiersLatins-pr\u00e9sent.png 510w\" sizes=\"auto, (max-width: 300px) 100vw, 300px\" \/><\/a><\/p>\n","protected":false},"excerpt":{"rendered":"<p>\u00ab\u00a0Andr\u00e9 Schwarz-Bart et Yambo Ouologuem, itin\u00e9raires crois\u00e9s\u00a0\u00bb Expos\u00e9 avec lectures de Fr\u00e9d\u00e9ric Dussenne Je ne suis pas juif ni noir. Personne n\u2019est parfait. Mais je suis lecteur. Et j\u2019aime les transgressions de fronti\u00e8res, ces travers\u00e9es qui font se croiser les \u00eatres et les mots. Les&#8230;<\/p>\n","protected":false},"author":2,"featured_media":0,"template":"","meta":{"_tribe_events_status":"","_tribe_events_status_reason":"","footnotes":""},"tags":[],"tribe_events_cat":[],"class_list":["post-15656","tribe_events","type-tribe_events","status-publish","hentry"],"jetpack_sharing_enabled":true,"_links":{"self":[{"href":"https:\/\/jeanpierre-orban.com\/wp\/wp-json\/wp\/v2\/tribe_events\/15656","targetHints":{"allow":["GET"]}}],"collection":[{"href":"https:\/\/jeanpierre-orban.com\/wp\/wp-json\/wp\/v2\/tribe_events"}],"about":[{"href":"https:\/\/jeanpierre-orban.com\/wp\/wp-json\/wp\/v2\/types\/tribe_events"}],"author":[{"embeddable":true,"href":"https:\/\/jeanpierre-orban.com\/wp\/wp-json\/wp\/v2\/users\/2"}],"version-history":[{"count":1,"href":"https:\/\/jeanpierre-orban.com\/wp\/wp-json\/wp\/v2\/tribe_events\/15656\/revisions"}],"predecessor-version":[{"id":16005,"href":"https:\/\/jeanpierre-orban.com\/wp\/wp-json\/wp\/v2\/tribe_events\/15656\/revisions\/16005"}],"wp:attachment":[{"href":"https:\/\/jeanpierre-orban.com\/wp\/wp-json\/wp\/v2\/media?parent=15656"}],"wp:term":[{"taxonomy":"post_tag","embeddable":true,"href":"https:\/\/jeanpierre-orban.com\/wp\/wp-json\/wp\/v2\/tags?post=15656"},{"taxonomy":"tribe_events_cat","embeddable":true,"href":"https:\/\/jeanpierre-orban.com\/wp\/wp-json\/wp\/v2\/tribe_events_cat?post=15656"}],"curies":[{"name":"wp","href":"https:\/\/api.w.org\/{rel}","templated":true}]}}